{"id":14587,"date":"2023-07-27T13:35:53","date_gmt":"2023-07-27T11:35:53","guid":{"rendered":"https:\/\/portvellbcn.cat\/torre-del-sant-sebastia\/"},"modified":"2023-07-28T09:19:31","modified_gmt":"2023-07-28T07:19:31","slug":"torre-del-sant-sebastia","status":"publish","type":"page","link":"https:\/\/portvellbcn.cat\/es\/torre-del-sant-sebastia\/","title":{"rendered":"Torre del Sant Sebasti\u00e0"},"content":{"rendered":"<div class=\"wpb-content-wrapper\"><p>[vc_row type=\u00bbfull_width_section\u00bb top_padding=\u00bb100&#8243; bottom_padding=\u00bb100&#8243;][vc_column width=\u00bb1\/4&#8243;][\/vc_column][vc_column width=\u00bb2\/4&#8243;][vc_column_text css_animation=\u00bbfadeInUp\u00bb css=\u00bb.vc_custom_1583940689502{margin-bottom: 15px !important;}\u00bb]<\/p>\n<p style=\"text-align: center; letter-spacing: 4px;\"><span style=\"color: #999999; font-size: 14px; letter-spacing: 4px;\">ESPACIO P\u00daBLICO<\/span><\/p>\n<p>&nbsp;[\/vc_column_text][vc_column_text css_animation=\u00bbfadeInUp\u00bb]<\/p>\n<p style=\"text-align: center;\"><span class=\"s1\" style=\"font-size: 60px; color: #333333;\"><span style=\"font-family: 'Poppins', sans-serif; font-weight: 300; letter-spacing: 1px;\"><span style=\"line-height: 1.2em; display: inline-block; width: 100%;\"><span style=\"font-family: 'Poppins', sans-serif; font-weight: 400;\"><span style=\"font-family: 'Poppins', sans-serif; font-weight: 500;\"><span class=\"titulofuente\" style=\"font-family: 'Playfair Display', sans-serif; font-weight: 400;\">Torre de San Sebasti\u00e0n<\/span><\/span><\/span><\/span><\/span><\/span><\/p>\n<p>&nbsp;[\/vc_column_text][vc_zigzag color=\u00bbsandy_brown\u00bb el_width=\u00bb10&#8243;][\/vc_column][vc_column width=\u00bb1\/4&#8243;][\/vc_column][\/vc_row][vc_row type=\u00bbfull_width_section\u00bb bottom_padding=\u00bb50&#8243; full_width=\u00bbstretch_row_content_no_spaces\u00bb el_class=\u00bb.vc-col-xs-margin-top-0&#8243; css=\u00bb.vc_custom_1608638457077{margin-bottom: 40px !important;}\u00bb][vc_column animation=\u00bbfade-in-from-left\u00bb bg_image=\u00bb7936&#8243; css_animation=\u00bbfadeInLeft\u00bb css=\u00bb.vc_custom_1563806848334{padding-top: 400px !important;padding-right: 0px !important;padding-bottom: 300px !important;padding-left: 0px !important;background-image: url(https:\/\/portvellbcn.cat\/wp-content\/uploads\/2019\/06\/torre-de-jaume.jpg?id=5445) !important;background-position: center !important;background-repeat: no-repeat !important;background-size: cover !important;}\u00bb]<div class=\"spacer\" style=\"height: 750px;\"><\/div>[\/vc_column][\/vc_row][vc_row equal_height=\u00bbyes\u00bb css=\u00bb.vc_custom_1608638521917{margin-top: 40px !important;margin-bottom: 50px !important;}\u00bb][vc_column el_class=\u00bbtituloexplora\u00bb animation=\u00bbfade-in-from-left\u00bb css_animation=\u00bbfadeInLeft\u00bb width=\u00bb1\/2&#8243;][vc_raw_html]PGh0bWw+DQo8aGVhZD4NCjxzY3JpcHQgc3JjPSJqcXVlcnktMi4xLjQuanMiPjwvc2NyaXB0Pg0KPGxpbmsgcmVsPSJzdHlsZXNoZWV0IiB0eXBlPSJ0ZXh0L2NzcyIgaHJlZj0ic3R5bGVzLmNzcyI+DQo8c3R5bGU+DQogICAgICAjbWFwIHsNCiAgICAgICAgaGVpZ2h0OiAzNTBweDsNCiAgICAgICAgb3ZlcmZsb3ctYW5jaG9yOm5vbmU7DQogICAgICB9DQo8L3N0eWxlPg0KPC9oZWFkPg0KPGJvZHk+DQo8YnIvPg0KPGJyLz4NCjxkaXYgaWQ9IndyYXBwZXIiPg0KPGRpdiBpZD0ibWFwIj48L2Rpdj4NCiAgICA8c2NyaXB0Pg0KICAgICAgdmFyIG1hcDsNCiAgICAgIGZ1bmN0aW9uIGluaXRNYXAoKSB7DQogICAgICAgIG1hcCA9IG5ldyBnb29nbGUubWFwcy5NYXAoZG9jdW1lbnQuZ2V0RWxlbWVudEJ5SWQoJ21hcCcpLCB7DQogICAgICAgICAgY2VudGVyOiB7bGF0OiA0MS4zNzE5NTQsIGxuZzogMi4xODAzNDN9LA0KICAgICAgICAgIHpvb206IDE2LA0KCQkgIHN0eWxlczpbDQogIHsNCiAgICAiZmVhdHVyZVR5cGUiOiAibGFuZHNjYXBlLm1hbl9tYWRlIiwNCiAgICAiZWxlbWVudFR5cGUiOiAiZ2VvbWV0cnkuZmlsbCIsDQogICAgInN0eWxlcnMiOiBbDQogICAgICB7DQogICAgICAgICJjb2xvciI6ICIjNjk4MmFiIg0KICAgICAgfQ0KICAgIF0NCiAgfSwNCiAgew0KICAgICJmZWF0dXJlVHlwZSI6ICJsYW5kc2NhcGUubmF0dXJhbCIsDQogICAgImVsZW1lbnRUeXBlIjogImdlb21ldHJ5LmZpbGwiLA0KICAgICJzdHlsZXJzIjogWw0KICAgICAgew0KICAgICAgICAiY29sb3IiOiAiIzY5ODJhYiINCiAgICAgIH0NCiAgICBdDQogIH0sDQogIHsNCiAgICAiZmVhdHVyZVR5cGUiOiAicG9pIiwNCiAgICAiZWxlbWVudFR5cGUiOiAiZ2VvbWV0cnkuZmlsbCIsDQogICAgInN0eWxlcnMiOiBbDQogICAgICB7DQogICAgICAgICJjb2xvciI6ICIjMzM0MTViIg0KICAgICAgfQ0KICAgIF0NCiAgfSwNCiAgew0KICAgICJmZWF0dXJlVHlwZSI6ICJyb2FkIiwNCiAgICAiZWxlbWVudFR5cGUiOiAiZ2VvbWV0cnkuZmlsbCIsDQogICAgInN0eWxlcnMiOiBbDQogICAgICB7DQogICAgICAgICJjb2xvciI6ICIjMWQyZDNkIg0KICAgICAgfQ0KICAgIF0NCiAgfSwNCiAgew0KICAgICJmZWF0dXJlVHlwZSI6ICJ3YXRlciIsDQogICAgImVsZW1lbnRUeXBlIjogImdlb21ldHJ5LmZpbGwiLA0KICAgICJzdHlsZXJzIjogWw0KICAgICAgew0KICAgICAgICAiY29sb3IiOiAiIzJlN2RjMCINCiAgICAgIH0NCiAgICBdDQogIH0sDQogIHsNCiAgICAiZmVhdHVyZVR5cGUiOiAiYWRtaW5pc3RyYXRpdmUubGFuZF9wYXJjZWwiLA0KICAgICJlbGVtZW50VHlwZSI6ICJsYWJlbHMiLA0KICAgICJzdHlsZXJzIjogWw0KICAgICAgew0KICAgICAgICAidmlzaWJpbGl0eSI6ICJvZmYiDQogICAgICB9DQogICAgXQ0KICB9LA0KICB7DQogICAgImZlYXR1cmVUeXBlIjogInBvaSIsDQogICAgImVsZW1lbnRUeXBlIjogImxhYmVscy50ZXh0IiwNCiAgICAic3R5bGVycyI6IFsNCiAgICAgIHsNCiAgICAgICAgInZpc2liaWxpdHkiOiAib2ZmIg0KICAgICAgfQ0KICAgIF0NCiAgfSwNCiAgew0KICAgICJmZWF0dXJlVHlwZSI6ICJwb2kuYnVzaW5lc3MiLA0KICAgICJzdHlsZXJzIjogWw0KICAgICAgew0KICAgICAgICAidmlzaWJpbGl0eSI6ICJvZmYiDQogICAgICB9DQogICAgXQ0KICB9LA0KICB7DQogICAgImZlYXR1cmVUeXBlIjogInJvYWQiLA0KICAgICJlbGVtZW50VHlwZSI6ICJsYWJlbHMuaWNvbiIsDQogICAgInN0eWxlcnMiOiBbDQogICAgICB7DQogICAgICAgICJ2aXNpYmlsaXR5IjogIm9mZiINCiAgICAgIH0NCiAgICBdDQogIH0sDQogIHsNCiAgICAiZmVhdHVyZVR5cGUiOiAicm9hZC5sb2NhbCIsDQogICAgImVsZW1lbnRUeXBlIjogImxhYmVscyIsDQogICAgInN0eWxlcnMiOiBbDQogICAgICB7DQogICAgICAgICJ2aXNpYmlsaXR5IjogIm9mZiINCiAgICAgIH0NCiAgICBdDQogIH0sDQogIHsNCiAgICAiZmVhdHVyZVR5cGUiOiAidHJhbnNpdCIsDQogICAgInN0eWxlcnMiOiBbDQogICAgICB7DQogICAgICAgICJ2aXNpYmlsaXR5IjogIm9mZiINCiAgICAgIH0NCiAgICBdDQogIH0NCl0NCgkJICANCiAgICAgICAgfSk7DQoNCg0KDQogICAgdmFyIHBvc3RvcnJlc2ViYXM9IHtsYXQ6IDQxLjM3MTk1NCwgbG5nOiAyLjE4MDM0M307DQoNCiAgICB2YXIgdG9ycmVzZWJhcyA9JzxkaXYgY2xhc3M9ImltYWciPjxpbWcgc3JjPSJodHRwczovL3BvcnR2ZWxsYmNuLmNhdC93cC1jb250ZW50L3VwbG9hZHMvMjAyMC8xMi9TYW50X1NlYmFzdGlhbl8yMDAweDgwMC5qcGciLz48L2Rpdj4nKw0KICAgIAkJCQkJJzxici8+PGRpdiBjbGFzcz0idGl0dSI+VG9ycmUgZGUgU2FudCBTZWJhc3Rpw6A8L2Rpdj4nKw0KICAgIAkJCQkJJzxkaXYgY2xhc3M9ImJhcnJhIj48aHI+PC9kaXY+JysNCiAgICAJCQkJCSc8ZGl2IGNsYXNzPSJ0ZXh0byI+TGEgVG9ycmUgZGUgU2FudCBTZWJhc3Rpw6Agw6lzIGzigJlpbmljaSAobyBlbCBmaW5hbCkgZGVsIHRlbGVmw6hyaWMgcXVlIHVuZWl4IGVsIHBvcnQgYW1iIE1vbnRqdcOvYy4gRWwgc2V1IG9yaWdlbiBlcyByZW11bnRhIGFsIHByb2plY3RlIGRlIENhcmxlcyBCw7xpZ2FzIHBlciBhIGzigJlFeHBvc2ljacOzIFVuaXZlcnNhbCBkZSBCYXJjZWxvbmEgZGUgbOKAmWFueSAxOTI5LjwvZGl2PicrDQogICAgCQkJCQknPGJyLz48ZGl2IGNsYXNzPSJkaXJlY2Npb24iPjxhIGhyZWY9Imh0dHBzOi8vd3d3Lmdvb2dsZS5jb20vbWFwcy9wbGFjZS9Ub3JyZStkZStKYXVtZStJKy0rVGVsZWYlQzMlQThyaWMrZGVsK1BvcnQrZGUrQmFyY2Vsb25hL0A0MS4zNzMxMzA0LDIuMTgwNDMwOCwxNi4wNHovZGF0YT0hNG04ITFtMiEybTEhMXNUb3JyZStkZStTYW50K1NlYmFzdGklQzMlQTAhM200ITFzMHgxMmE0YTI1MjNjNWM4YzE1OjB4YTM5OGM0N2FiYjgwMjgyYSE4bTIhM2Q0MS4zNzIwNjkyITRkMi4xODAyMTE4Ij5Bdi4gTWlyYW1hciw8YnI+MDgwMzggQmFyY2Vsb25hPC9hPjwvZGl2Pic7DQogICAgICAgIA0KICAgIHZhciBpbmZvd2luZG93dG9ycmVzZWJhcyA9IG5ldyBnb29nbGUubWFwcy5JbmZvV2luZG93KHsNCiAgICAgICAgY29udGVudDogdG9ycmVzZWJhcw0KICAgIH0pOw0KDQogICAgdmFyIG1hcmtlcnRvcnJlc2ViYXMgPSBuZXcgZ29vZ2xlLm1hcHMuTWFya2VyKHsNCiAgICAJCXBvc2l0aW9uOiBwb3N0b3JyZXNlYmFzLA0KICAgIAkJaWNvbjogJ2h0dHBzOi8vcG9ydHZlbGxiY24uY2F0L3dwLWNvbnRlbnQvdXBsb2Fkcy8yMDE5LzEwL2ljb25vX21hcGFfbmFyYW5qYS5wbmcnLA0KICAgCQkJbWFwOiBtYXAsDQogICAJCQlhbmltYXRpb246IGdvb2dsZS5tYXBzLkFuaW1hdGlvbi5EUk9QLA0KDQogIAkJfSk7DQoJDQogICAgICAgDQogICAgbWFya2VydG9ycmVzZWJhcy5hZGRMaXN0ZW5lcignY2xpY2snLCBmdW5jdGlvbigpIHsNCiAgICAJaW5mb3dpbmRvd3RvcnJlc2ViYXMub3BlbihtYXAsIG1hcmtlcnRvcnJlc2ViYXMpOw0KICAgIH0pOw0KDQoNCiAgIA0KDQoNCg0KCX0NCiAgICA8L3NjcmlwdD4NCiAgICA8c2NyaXB0IHNyYz0iaHR0cHM6Ly9tYXBzLmdvb2dsZWFwaXMuY29tL21hcHMvYXBpL2pzP2tleT1BSXphU3lBVjFlU2R1b2VtcDg4S2daV3p6MTYwZ0o2RTZ2VWI0QmMmY2FsbGJhY2s9aW5pdE1hcCINCiAgICBhc3luYyBkZWZlcj48L3NjcmlwdD4NCjwvZGl2Pg0KPC9ib2R5Pg0KPC9odG1sPg==[\/vc_raw_html][\/vc_column][vc_column animation=\u00bbfade-in-from-right\u00bb css_animation=\u00bbfadeInRight\u00bb width=\u00bb1\/2&#8243;]<div class=\"spacer\" style=\"height: 40px;\"><\/div>[vc_column_text]<\/p>\n<p style=\"text-align: justify;\"><span style=\"font-size: 15px;\">La Torre de San Sebasti\u00e1n es el inicio (o el final) del telef\u00e9rico que une el puerto con Montjuic. Su origen se remonta al proyecto de Carles B\u00fcigas para la Exposici\u00f3n Universal de Barcelona del a\u00f1o 1929.<\/span><\/p>\n<p style=\"text-align: justify;\"><span style=\"font-size: 15px;\">Las dificultades para acabar de obtener los capitales necesarios para la construcci\u00f3n atrasaron la inauguraci\u00f3n de este interesante medio de transporte de personas en 1931.<\/span><\/p>\n<p style=\"text-align: justify;\"><span style=\"font-size: 15px;\"><br \/>\nA causa de la distancia que hay entre su emplazamiento y Montjuic fue necesario construir la torre intermedia situada al muelle de Barcelona, denominada de Jaime I. El viaje en el telef\u00e9rico permite una visi\u00f3n panor\u00e1mica excelente sobre el conjunto del puerto y de la ciudad.<\/span><\/p>\n<p>&nbsp;[\/vc_column_text]<div class=\"divider divider2\" style='margin:10px 0 10px 0 !important;'><\/div>[vc_row_inner][vc_column_inner width=\u00bb1\/2&#8243;]<div class=\"iconbox  wpb_content_element iconbox-style-1 icon-color-accent color-dark animation-none\"><h3><i class=\"fa fa-globe boxicon\" style=\"\"><\/i><span>Web:<\/span><\/h3><p><span style=\"font-size: 13px;\"><a href=\"https:\/\/www.telefericodebarcelona.com\/\" target=\"_blank\" rel=\"noopener noreferrer\">www.telefericodebarcelona.com<br \/>\n<\/a><\/span><\/p><\/div><div class=\"iconbox  wpb_content_element iconbox-style-1 icon-color-accent color-dark animation-none\"><h3><i class=\"fa fa-phone boxicon\" style=\"\"><\/i><span>Contacto:<\/span><\/h3><div ><span style=\"font-size: 13px;\">T. +34 934 304 716<\/span><\/div><\/div>[\/vc_column_inner][vc_column_inner width=\u00bb1\/2&#8243;]<div class=\"iconbox  wpb_content_element iconbox-style-1 icon-color-accent color-dark animation-none\"><h3><i class=\"fa fa-envelope boxicon\" style=\"\"><\/i><span>Mail:<\/span><\/h3><div ><span style=\"font-size: 13px;\"><a href=\"mailto:tebarsa@hotmail.com\" target=\"_blank\" rel=\"noopener noreferrer\">tebarsa@hotmail.com<\/a><\/span><\/div><\/div><div class=\"iconbox  wpb_content_element iconbox-style-1 icon-color-accent color-dark animation-none\"><h3><i class=\"fa fa-map-marker-alt boxicon\" style=\"\"><\/i><span>Ubicaci\u00f3n:<\/span><\/h3><p><span style=\"font-size: 13px;\"><a href=\"https:\/\/goo.gl\/maps\/APeBVX6uSnKn35GE7\" target=\"_blank\" rel=\"noopener noreferrer\"><span class=\"LrzXr\">Av. Miramar, s\/n <\/span><\/a><a href=\"https:\/\/www.google.com\/maps?q=Moll+de+Pescadors,+08039+Barcelona&amp;um=1&amp;ie=UTF-8&amp;sa=X&amp;ved=2ahUKEwjk4fPaufTmAhUXAWMBHSjvAO4Q_AUoAXoECBAQAw\"><span class=\"LrzXr\">08038 Barcelona<\/span><\/a><\/span><\/p><\/div>[\/vc_column_inner][\/vc_row_inner][\/vc_column][\/vc_row][vc_row type=\u00bbfull_width_section\u00bb top_padding=\u00bb60&#8243;][vc_column width=\u00bb1\/4&#8243;]<div class=\"single_image wpb_content_element align-left    \" data-animation=\"none\" data-delay=\"0\"><a href=\"https:\/\/portvellbcn.cat\/wp-content\/uploads\/2020\/12\/Sant_Sebastian_01.jpg\" class=\"prettyPhoto\" rel=\"prettyPhoto[image]\"><img loading=\"lazy\" decoding=\"async\" width=\"1200\" height=\"800\" src=\"https:\/\/portvellbcn.cat\/wp-content\/uploads\/2020\/12\/Sant_Sebastian_01.jpg\" class=\"attachment-full\" alt=\"\" title=\"Sant_Sebastian_01\" srcset=\"https:\/\/portvellbcn.cat\/wp-content\/uploads\/2020\/12\/Sant_Sebastian_01.jpg 1200w, https:\/\/portvellbcn.cat\/wp-content\/uploads\/2020\/12\/Sant_Sebastian_01-600x400.jpg 600w, https:\/\/portvellbcn.cat\/wp-content\/uploads\/2020\/12\/Sant_Sebastian_01-300x200.jpg 300w, https:\/\/portvellbcn.cat\/wp-content\/uploads\/2020\/12\/Sant_Sebastian_01-1024x683.jpg 1024w, https:\/\/portvellbcn.cat\/wp-content\/uploads\/2020\/12\/Sant_Sebastian_01-768x512.jpg 768w\" sizes=\"auto, (max-width: 1200px) 100vw, 1200px\" \/><\/a><\/div>[\/vc_column][vc_column width=\u00bb1\/4&#8243;]<div class=\"single_image wpb_content_element align-left    \" data-animation=\"none\" data-delay=\"0\"><a href=\"https:\/\/portvellbcn.cat\/wp-content\/uploads\/2020\/12\/Sant_Sebastian_04.jpg\" class=\"prettyPhoto\" rel=\"prettyPhoto[image]\"><img loading=\"lazy\" decoding=\"async\" width=\"1200\" height=\"800\" src=\"https:\/\/portvellbcn.cat\/wp-content\/uploads\/2020\/12\/Sant_Sebastian_04.jpg\" class=\"attachment-full\" alt=\"\" title=\"Sant_Sebastian_04\" srcset=\"https:\/\/portvellbcn.cat\/wp-content\/uploads\/2020\/12\/Sant_Sebastian_04.jpg 1200w, https:\/\/portvellbcn.cat\/wp-content\/uploads\/2020\/12\/Sant_Sebastian_04-600x400.jpg 600w, https:\/\/portvellbcn.cat\/wp-content\/uploads\/2020\/12\/Sant_Sebastian_04-300x200.jpg 300w, https:\/\/portvellbcn.cat\/wp-content\/uploads\/2020\/12\/Sant_Sebastian_04-1024x683.jpg 1024w, https:\/\/portvellbcn.cat\/wp-content\/uploads\/2020\/12\/Sant_Sebastian_04-768x512.jpg 768w\" sizes=\"auto, (max-width: 1200px) 100vw, 1200px\" \/><\/a><\/div>[\/vc_column][vc_column width=\u00bb1\/4&#8243;]<div class=\"single_image wpb_content_element align-left    \" data-animation=\"none\" data-delay=\"0\"><a href=\"https:\/\/portvellbcn.cat\/wp-content\/uploads\/2020\/12\/Sant_Sebastian_02.jpg\" class=\"prettyPhoto\" rel=\"prettyPhoto[image]\"><img loading=\"lazy\" decoding=\"async\" width=\"1200\" height=\"800\" src=\"https:\/\/portvellbcn.cat\/wp-content\/uploads\/2020\/12\/Sant_Sebastian_02.jpg\" class=\"attachment-full\" alt=\"\" title=\"Sant_Sebastian_02\" srcset=\"https:\/\/portvellbcn.cat\/wp-content\/uploads\/2020\/12\/Sant_Sebastian_02.jpg 1200w, https:\/\/portvellbcn.cat\/wp-content\/uploads\/2020\/12\/Sant_Sebastian_02-600x400.jpg 600w, https:\/\/portvellbcn.cat\/wp-content\/uploads\/2020\/12\/Sant_Sebastian_02-300x200.jpg 300w, https:\/\/portvellbcn.cat\/wp-content\/uploads\/2020\/12\/Sant_Sebastian_02-1024x683.jpg 1024w, https:\/\/portvellbcn.cat\/wp-content\/uploads\/2020\/12\/Sant_Sebastian_02-768x512.jpg 768w\" sizes=\"auto, (max-width: 1200px) 100vw, 1200px\" \/><\/a><\/div>[\/vc_column][vc_column width=\u00bb1\/4&#8243;]<div class=\"single_image wpb_content_element align-left    \" data-animation=\"none\" data-delay=\"0\"><a href=\"https:\/\/portvellbcn.cat\/wp-content\/uploads\/2020\/12\/Sant_Sebastian_03.jpg\" class=\"prettyPhoto\" rel=\"prettyPhoto[image]\"><img loading=\"lazy\" decoding=\"async\" width=\"1200\" height=\"800\" src=\"https:\/\/portvellbcn.cat\/wp-content\/uploads\/2020\/12\/Sant_Sebastian_03.jpg\" class=\"attachment-full\" alt=\"\" title=\"Sant_Sebastian_03\" srcset=\"https:\/\/portvellbcn.cat\/wp-content\/uploads\/2020\/12\/Sant_Sebastian_03.jpg 1200w, https:\/\/portvellbcn.cat\/wp-content\/uploads\/2020\/12\/Sant_Sebastian_03-600x400.jpg 600w, https:\/\/portvellbcn.cat\/wp-content\/uploads\/2020\/12\/Sant_Sebastian_03-300x200.jpg 300w, https:\/\/portvellbcn.cat\/wp-content\/uploads\/2020\/12\/Sant_Sebastian_03-1024x683.jpg 1024w, https:\/\/portvellbcn.cat\/wp-content\/uploads\/2020\/12\/Sant_Sebastian_03-768x512.jpg 768w\" sizes=\"auto, (max-width: 1200px) 100vw, 1200px\" \/><\/a><\/div>[\/vc_column][\/vc_row]<\/p>\n<\/div>","protected":false},"excerpt":{"rendered":"<p>[vc_row type=\u00bbfull_width_section\u00bb top_padding=\u00bb100&#8243; bottom_padding=\u00bb100&#8243;][vc_column width=\u00bb1\/4&#8243;][\/vc_column][vc_column width=\u00bb2\/4&#8243;][vc_column_text css_animation=\u00bbfadeInUp\u00bb css=\u00bb.vc_custom_1583940689502{margin-bottom: 15px !important;}\u00bb] ESPACIO P\u00daBLICO &nbsp;[\/vc_column_text][vc_column_text css_animation=\u00bbfadeInUp\u00bb] Torre de San Sebasti\u00e0n &nbsp;[\/vc_column_text][vc_zigzag color=\u00bbsandy_brown\u00bb el_width=\u00bb10&#8243;][\/vc_column][vc_column width=\u00bb1\/4&#8243;][\/vc_column][\/vc_row][vc_row type=\u00bbfull_width_section\u00bb bottom_padding=\u00bb50&#8243; full_width=\u00bbstretch_row_content_no_spaces\u00bb el_class=\u00bb.vc-col-xs-margin-top-0&#8243; css=\u00bb.vc_custom_1608638457077{margin-bottom: 40px !important;}\u00bb][vc_column animation=\u00bbfade-in-from-left\u00bb bg_image=\u00bb7936&#8243; css_animation=\u00bbfadeInLeft\u00bb css=\u00bb.vc_custom_1563806848334{padding-top: 400px !important;padding-right: 0px !important;padding-bottom: 300px !important;padding-left: 0px !important;background-image: url(https:\/\/portvellbcn.cat\/wp-content\/uploads\/2019\/06\/torre-de-jaume.jpg?id=5445) !important;background-position: center !important;background-repeat: no-repeat !important;background-size: cover !important;}\u00bb][\/vc_column][\/vc_row][vc_row equal_height=\u00bbyes\u00bb css=\u00bb.vc_custom_1608638521917{margin-top: 40px !important;margin-bottom: 50px !important;}\u00bb][vc_column el_class=\u00bbtituloexplora\u00bb animation=\u00bbfade-in-from-left\u00bb css_animation=\u00bbfadeInLeft\u00bb width=\u00bb1\/2&#8243;][vc_raw_html]PGh0bWw+DQo8aGVhZD4NCjxzY3JpcHQgc3JjPSJqcXVlcnktMi4xLjQuanMiPjwvc2NyaXB0Pg0KPGxpbmsgcmVsPSJzdHlsZXNoZWV0IiB0eXBlPSJ0ZXh0L2NzcyIgaHJlZj0ic3R5bGVzLmNzcyI+DQo8c3R5bGU+DQogICAgICAjbWFwIHsNCiAgICAgICAgaGVpZ2h0OiAzNTBweDsNCiAgICAgICAgb3ZlcmZsb3ctYW5jaG9yOm5vbmU7DQogICAgICB9DQo8L3N0eWxlPg0KPC9oZWFkPg0KPGJvZHk+DQo8YnIvPg0KPGJyLz4NCjxkaXYgaWQ9IndyYXBwZXIiPg0KPGRpdiBpZD0ibWFwIj48L2Rpdj4NCiAgICA8c2NyaXB0Pg0KICAgICAgdmFyIG1hcDsNCiAgICAgIGZ1bmN0aW9uIGluaXRNYXAoKSB7DQogICAgICAgIG1hcCA9IG5ldyBnb29nbGUubWFwcy5NYXAoZG9jdW1lbnQuZ2V0RWxlbWVudEJ5SWQoJ21hcCcpLCB7DQogICAgICAgICAgY2VudGVyOiB7bGF0OiA0MS4zNzE5NTQsIGxuZzogMi4xODAzNDN9LA0KICAgICAgICAgIHpvb206IDE2LA0KCQkgIHN0eWxlczpbDQogIHsNCiAgICAiZmVhdHVyZVR5cGUiOiAibGFuZHNjYXBlLm1hbl9tYWRlIiwNCiAgICAiZWxlbWVudFR5cGUiOiAiZ2VvbWV0cnkuZmlsbCIsDQogICAgInN0eWxlcnMiOiBbDQogICAgICB7DQogICAgICAgICJjb2xvciI6ICIjNjk4MmFiIg0KICAgICAgfQ0KICAgIF0NCiAgfSwNCiAgew0KICAgICJmZWF0dXJlVHlwZSI6ICJsYW5kc2NhcGUubmF0dXJhbCIsDQogICAgImVsZW1lbnRUeXBlIjogImdlb21ldHJ5LmZpbGwiLA0KICAgICJzdHlsZXJzIjogWw0KICAgICAgew0KICAgICAgICAiY29sb3IiOiAiIzY5ODJhYiINCiAgICAgIH0NCiAgICBdDQogIH0sDQogIHsNCiAgICAiZmVhdHVyZVR5cGUiOiAicG9pIiwNCiAgICAiZWxlbWVudFR5cGUiOiAiZ2VvbWV0cnkuZmlsbCIsDQogICAgInN0eWxlcnMiOiBbDQogICAgICB7DQogICAgICAgICJjb2xvciI6ICIjMzM0MTViIg0KICAgICAgfQ0KICAgIF0NCiAgfSwNCiAgew0KICAgICJmZWF0dXJlVHlwZSI6ICJyb2FkIiwNCiAgICAiZWxlbWVudFR5cGUiOiAiZ2VvbWV0cnkuZmlsbCIsDQogICAgInN0eWxlcnMiOiBbDQogICAgICB7DQogICAgICAgICJjb2xvciI6ICIjMWQyZDNkIg0KICAgICAgfQ0KICAgIF0NCiAgfSwNCiAgew0KICAgICJmZWF0dXJlVHlwZSI6ICJ3YXRlciIsDQogICAgImVsZW1lbnRUeXBlIjogImdlb21ldHJ5LmZpbGwiLA0KICAgICJzdHlsZXJzIjogWw0KICAgICAgew0KICAgICAgICAiY29sb3IiOiAiIzJlN2RjMCINCiAgICAgIH0NCiAgICBdDQogIH0sDQogIHsNCiAgICAiZmVhdHVyZVR5cGUiOiAiYWRtaW5pc3RyYXRpdmUubGFuZF9wYXJjZWwiLA0KICAgICJlbGVtZW50VHlwZSI6ICJsYWJlbHMiLA0KICAgICJzdHlsZXJzIjogWw0KICAgICAgew0KICAgICAgICAidmlzaWJpbGl0eSI6ICJvZmYiDQogICAgICB9DQogICAgXQ0KICB9LA0KICB7DQogICAgImZlYXR1cmVUeXBlIjogInBvaSIsDQogICAgImVsZW1lbnRUeXBlIjogImxhYmVscy50ZXh0IiwNCiAgICAic3R5bGVycyI6IFsNCiAgICAgIHsNCiAgICAgICAgInZpc2liaWxpdHkiOiAib2ZmIg0KICAgICAgfQ0KICAgIF0NCiAgfSwNCiAgew0KICAgICJmZWF0dXJlVHlwZSI6ICJwb2kuYnVzaW5lc3MiLA0KICAgICJzdHlsZXJzIjogWw0KICAgICAgew0KICAgICAgICAidmlzaWJpbGl0eSI6ICJvZmYiDQogICAgICB9DQogICAgXQ0KICB9LA0KICB7DQogICAgImZlYXR1cmVUeXBlIjogInJvYWQiLA0KICAgICJlbGVtZW50VHlwZSI6ICJsYWJlbHMuaWNvbiIsDQogICAgInN0eWxlcnMiOiBbDQogICAgICB7DQogICAgICAgICJ2aXNpYmlsaXR5IjogIm9mZiINCiAgICAgIH0NCiAgICBdDQogIH0sDQogIHsNCiAgICAiZmVhdHVyZVR5cGUiOiAicm9hZC5sb2NhbCIsDQogICAgImVsZW1lbnRUeXBlIjogImxhYmVscyIsDQogICAgInN0eWxlcnMiOiBbDQogICAgICB7DQogICAgICAgICJ2aXNpYmlsaXR5IjogIm9mZiINCiAgICAgIH0NCiAgICBdDQogIH0sDQogIHsNCiAgICAiZmVhdHVyZVR5cGUiOiAidHJhbnNpdCIsDQogICAgInN0eWxlcnMiOiBbDQogICAgICB7DQogICAgICAgICJ2aXNpYmlsaXR5IjogIm9mZiINCiAgICAgIH0NCiAgICBdDQogIH0NCl0NCgkJICANCiAgICAgICAgfSk7DQoNCg0KDQogICAgdmFyIHBvc3RvcnJlc2ViYXM9IHtsYXQ6IDQxLjM3MTk1NCwgbG5nOiAyLjE4MDM0M307DQoNCiAgICB2YXIgdG9ycmVzZWJhcyA9JzxkaXYgY2xhc3M9ImltYWciPjxpbWcgc3JjPSJodHRwczovL3BvcnR2ZWxsYmNuLmNhdC93cC1jb250ZW50L3VwbG9hZHMvMjAyMC8xMi9TYW50X1NlYmFzdGlhbl8yMDAweDgwMC5qcGciLz48L2Rpdj4nKw0KICAgIAkJCQkJJzxici8+PGRpdiBjbGFzcz0idGl0dSI+VG9ycmUgZGUgU2FudCBTZWJhc3Rpw6A8L2Rpdj4nKw0KICAgIAkJCQkJJzxkaXYgY2xhc3M9ImJhcnJhIj48aHI+PC9kaXY+JysNCiAgICAJCQkJCSc8ZGl2IGNsYXNzPSJ0ZXh0byI+TGEgVG9ycmUgZGUgU2FudCBTZWJhc3Rpw6Agw6lzIGzigJlpbmljaSAobyBlbCBmaW5hbCkgZGVsIHRlbGVmw6hyaWMgcXVlIHVuZWl4IGVsIHBvcnQgYW1iIE1vbnRqdcOvYy4gRWwgc2V1IG9yaWdlbiBlcyByZW11bnRhIGFsIHByb2plY3RlIGRlIENhcmxlcyBCw7xpZ2FzIHBlciBhIGzigJlFeHBvc2ljacOzIFVuaXZlcnNhbCBkZSBCYXJjZWxvbmEgZGUgbOKAmWFueSAxOTI5LjwvZGl2PicrDQogICAgCQkJCQknPGJyLz48ZGl2IGNsYXNzPSJkaXJlY2Npb24iPjxhIGhyZWY9Imh0dHBzOi8vd3d3Lmdvb2dsZS5jb20vbWFwcy9wbGFjZS9Ub3JyZStkZStKYXVtZStJKy0rVGVsZWYlQzMlQThyaWMrZGVsK1BvcnQrZGUrQmFyY2Vsb25hL0A0MS4zNzMxMzA0LDIuMTgwNDMwOCwxNi4wNHovZGF0YT0hNG04ITFtMiEybTEhMXNUb3JyZStkZStTYW50K1NlYmFzdGklQzMlQTAhM200ITFzMHgxMmE0YTI1MjNjNWM4YzE1OjB4YTM5OGM0N2FiYjgwMjgyYSE4bTIhM2Q0MS4zNzIwNjkyITRkMi4xODAyMTE4Ij5Bdi4gTWlyYW1hciw8YnI+MDgwMzggQmFyY2Vsb25hPC9hPjwvZGl2Pic7DQogICAgICAgIA0KICAgIHZhciBpbmZvd2luZG93dG9ycmVzZWJhcyA9IG5ldyBnb29nbGUubWFwcy5JbmZvV2luZG93KHsNCiAgICAgICAgY29udGVudDogdG9ycmVzZWJhcw0KICAgIH0pOw0KDQogICAgdmFyIG1hcmtlcnRvcnJlc2ViYXMgPSBuZXcgZ29vZ2xlLm1hcHMuTWFya2VyKHsNCiAgICAJCXBvc2l0aW9uOiBwb3N0b3JyZXNlYmFzLA0KICAgIAkJaWNvbjogJ2h0dHBzOi8vcG9ydHZlbGxiY24uY2F0L3dwLWNvbnRlbnQvdXBsb2Fkcy8yMDE5LzEwL2ljb25vX21hcGFfbmFyYW5qYS5wbmcnLA0KICAgCQkJbWFwOiBtYXAsDQogICAJCQlhbmltYXRpb246IGdvb2dsZS5tYXBzLkFuaW1hdGlvbi5EUk9QLA0KDQogIAkJfSk7DQoJDQogICAgICAgDQogICAgbWFya2VydG9ycmVzZWJhcy5hZGRMaXN0ZW5lcignY2xpY2snLCBmdW5jdGlvbigpIHsNCiAgICAJaW5mb3dpbmRvd3RvcnJlc2ViYXMub3BlbihtYXAsIG1hcmtlcnRvcnJlc2ViYXMpOw0KICAgIH0pOw0KDQoNCiAgIA0KDQoNCg0KCX0NCiAgICA8L3NjcmlwdD4NCiAgICA8c2NyaXB0IHNyYz0iaHR0cHM6Ly9tYXBzLmdvb2dsZWFwaXMuY29tL21hcHMvYXBpL2pzP2tleT1BSXphU3lBVjFlU2R1b2VtcDg4S2daV3p6MTYwZ0o2RTZ2VWI0QmMmY2FsbGJhY2s9aW5pdE1hcCINCiAgICBhc3luYyBkZWZlcj48L3NjcmlwdD4NCjwvZGl2Pg0KPC9ib2R5Pg0KPC9odG1sPg==[\/vc_raw_html][\/vc_column][vc_column animation=\u00bbfade-in-from-right\u00bb css_animation=\u00bbfadeInRight\u00bb width=\u00bb1\/2&#8243;][vc_column_text] La Torre de San Sebasti\u00e1n es el inicio (o el final) del telef\u00e9rico que une el puerto con Montjuic. Su origen se remonta al proyecto de Carles B\u00fcigas para la Exposici\u00f3n Universal de Barcelona del a\u00f1o 1929. Las dificultades para acabar de obtener los capitales necesarios para la construcci\u00f3n atrasaron la inauguraci\u00f3n de este interesante medio de transporte de personas en 1931. A causa de la distancia que hay entre su emplazamiento y Montjuic fue necesario construir la torre intermedia situada al muelle de Barcelona, denominada de Jaime I. El viaje en el telef\u00e9rico permite una visi\u00f3n panor\u00e1mica excelente sobre el conjunto del puerto y de la ciudad. &nbsp;[\/vc_column_text][vc_row_inner][vc_column_inner width=\u00bb1\/2&#8243;][\/vc_column_inner][vc_column_inner width=\u00bb1\/2&#8243;][\/vc_column_inner][\/vc_row_inner][\/vc_column][\/vc_row][vc_row type=\u00bbfull_width_section\u00bb top_padding=\u00bb60&#8243;][vc_column width=\u00bb1\/4&#8243;][\/vc_column][vc_column width=\u00bb1\/4&#8243;][\/vc_column][vc_column width=\u00bb1\/4&#8243;][\/vc_column][vc_column width=\u00bb1\/4&#8243;][\/vc_column][\/vc_row]<\/p>\n","protected":false},"author":1,"featured_media":0,"parent":0,"menu_order":0,"comment_status":"closed","ping_status":"closed","template":"","meta":{"_acf_changed":false,"footnotes":""},"class_list":["post-14587","page","type-page","status-publish","hentry"],"acf":[],"_links":{"self":[{"href":"https:\/\/portvellbcn.cat\/es\/wp-json\/wp\/v2\/pages\/14587","targetHints":{"allow":["GET"]}}],"collection":[{"href":"https:\/\/portvellbcn.cat\/es\/wp-json\/wp\/v2\/pages"}],"about":[{"href":"https:\/\/portvellbcn.cat\/es\/wp-json\/wp\/v2\/types\/page"}],"author":[{"embeddable":true,"href":"https:\/\/portvellbcn.cat\/es\/wp-json\/wp\/v2\/users\/1"}],"replies":[{"embeddable":true,"href":"https:\/\/portvellbcn.cat\/es\/wp-json\/wp\/v2\/comments?post=14587"}],"version-history":[{"count":0,"href":"https:\/\/portvellbcn.cat\/es\/wp-json\/wp\/v2\/pages\/14587\/revisions"}],"wp:attachment":[{"href":"https:\/\/portvellbcn.cat\/es\/wp-json\/wp\/v2\/media?parent=14587"}],"curies":[{"name":"wp","href":"https:\/\/api.w.org\/{rel}","templated":true}]}}