{"id":17324,"date":"2024-06-27T16:34:14","date_gmt":"2024-06-27T14:34:14","guid":{"rendered":"https:\/\/portvellbcn.cat\/?page_id=17324"},"modified":"2024-06-27T17:05:28","modified_gmt":"2024-06-27T15:05:28","slug":"rodatges-i-sessions-fotografiques","status":"publish","type":"page","link":"https:\/\/portvellbcn.cat\/ca\/rodatges-i-sessions-fotografiques\/","title":{"rendered":"Rodatges i sessions fotogr\u00e0fiques"},"content":{"rendered":"<div class=\"wpb-content-wrapper\"><p>[vc_row type=&#8221;full_width_section&#8221; top_padding=&#8221;100&#8243; full_width=&#8221;stretch_row&#8221; css=&#8221;.vc_custom_1615275997084{padding-top: 60px !important;padding-bottom: 60px !important;}&#8221;][vc_column width=&#8221;1\/6&#8243;][\/vc_column][vc_column width=&#8221;2\/3&#8243;][vc_column_text]<\/p>\n<p style=\"text-align: center; letter-spacing: 4px;\"><span style=\"color: #999999; font-size: 14px; letter-spacing: 4px;\">ESDEVENIMENTS I RODATGES<\/span><\/p>\n<p>[\/vc_column_text][vc_column_text]<\/p>\n<p style=\"text-align: center;\"><span class=\"s1\" style=\"font-size: 60px; color: #333333;\"><span style=\"font-family: 'Poppins', sans-serif; font-weight: 300; letter-spacing: 1px;\"><span style=\"line-height: 1.2em; display: inline-block; width: 100%;\"><span style=\"font-family: 'Poppins', sans-serif; font-weight: 400;\"><span style=\"font-family: 'Poppins', sans-serif; font-weight: 500;\"><span class=\"titulofuente\" style=\"font-family: 'Playfair Display', sans-serif; font-weight: 400;\">Rodatges i sessions<br \/>\nfotogr\u00e0fiques<\/span><\/span><\/span><\/span><\/span><\/span><\/p>\n<p>[\/vc_column_text][vc_zigzag color=&#8221;sandy_brown&#8221; el_width=&#8221;10&#8243;][vc_empty_space height=&#8221;100&#8243;][\/vc_column][vc_column width=&#8221;1\/6&#8243;][\/vc_column][\/vc_row][vc_row type=&#8221;full_width_section&#8221; bg_color=&#8221;#eaeaea&#8221; top_padding=&#8221;0&#8243; full_width=&#8221;stretch_row_content&#8221; columns_placement=&#8221;stretch&#8221; equal_height=&#8221;yes&#8221; css=&#8221;.vc_custom_1595315379961{padding-top: -10px !important;background-color: #f7f7f7 !important;}&#8221;][vc_column column_padding=&#8221;padding-10&#8243; column_center=&#8221;true&#8221; text_align=&#8221;center&#8221; css_animation=&#8221;fadeInLeft&#8221; css=&#8221;.vc_custom_1609833150258{margin-right: 10% !important;margin-left: 10% !important;padding-top: 90px !important;padding-bottom: 90px !important;}&#8221; offset=&#8221;vc_col-lg-6 vc_col-md-6&#8243; width=&#8221;1\/2&#8243;]<div class=\"iconbox  wpb_content_element iconbox-style-3 icon-color-accent color-dark\"><i class=\"fa fa-camera boxicon\" style=\"\"><\/i><h3><\/h3><p>\n<p style=\"text-align: center;\"><span class=\"s1\" style=\"font-size: 60px; color: #333333;\"><span style=\"font-family: 'Poppins', sans-serif; font-weight: 300; letter-spacing: 1px;\"><span style=\"line-height: 1.2em; display: inline-block; width: 100%;\"><span style=\"font-family: 'Poppins', sans-serif; font-weight: 400;\"><span style=\"font-family: 'Poppins', sans-serif; font-weight: 500;\"><span style=\"font-family: 'Playfair Display', sans-serif; font-weight: 400;\">El Port Vell \u00e9s un indret immillorable<\/span><\/span><\/span><\/span><\/span><\/span><\/p>\n<p style=\"text-align: center;\">\u00c9s un plat\u00f3 de cinema increible, un lloc m\u00e0gic on organitzar el teu esdeveniment!,<br \/>\nun lloc on gaudir de les activitats i esdeveniments que s\u2019organitzen<\/p>\n<\/p><\/div>[vc_column_text]El Port Vell ha estat i \u00e9s un plat\u00f3 immillorable a Barcelona. Tant els rodatges publicitaris com els llargmetratges troben espais \u00fanics I f\u00e0cils per a treballar. Pel\u00b7l\u00edcules de gran renom com \u201cVicky Cristina Barcelona\u201d, \u201cBarcelona Ciutat Neutral\u201d, \u201cEl Perfum\u201d, las \u201cCheetah Girls\u201d, \u201cThe Gunman\u201d etc\u2026 o sessions publicit\u00e0ries de roba, autom\u00f2bils etc.. son exemples de la gran projecci\u00f3 que aporta el Port Vell.[\/vc_column_text]<a href=\"https:\/\/portvellbcn.cat\/ca\/formulari-filmacions-fotografia-basecamp\/\" target=\"_self\" class=\"button orange medium \" style=\"border-radius: 20px;\">Emplena el formulari F01<\/a>[\/vc_column][vc_column bg_image=&#8221;17283&#8243; column_center=&#8221;true&#8221; css_animation=&#8221;fadeInRight&#8221; css=&#8221;.vc_custom_1614941153493{padding-top: 200px !important;padding-bottom: 200px !important;background-image: url(https:\/\/portvellbcn.cat\/wp-content\/uploads\/2020\/11\/Barceloneta.png?id=7012) !important;background-position: center !important;background-repeat: no-repeat !important;background-size: cover !important;}&#8221; offset=&#8221;vc_col-lg-6 vc_col-md-6&#8243; width=&#8221;1\/2&#8243;]<div class=\"spacer\" style=\"height: 610px;\"><\/div>[\/vc_column][\/vc_row][vc_row type=&#8221;full_width_section&#8221; top_padding=&#8221;0&#8243; full_height=&#8221;true&#8221;][vc_column width=&#8221;1\/1&#8243;]\n\t\t<div class=\"portfolio-element\">\n\n\t\t\n\t\t\n\t\t\t\t\t<div id=\"1626679919\" class=\"portfolio-items portfolio-nomargin portfolio-overlay-name clearfix\" data-id=\"1626679919\">  \n\t\t\t\t\t\t\n\t\t\t\t\t\t\t\n\t\t\t\t\t\t\t\n\t\t\t\t\t\t\n\t\t\t\t\t\t\t\t\t\t\t\t\t\t\t\t\n\t\t\t\t\t\t\t\t   \n\n\t\t\t\t\t\t\t\t<div class=\"term-esdeveniments-i-rodatges portfolio-item nomargin\">\n\t\t\t\t\t\t\t\t\t<div class=\"portfolio-image\"><a href=\"https:\/\/portvellbcn.cat\/ca\/portfolio-item\/tramits-i-documentacio\/\" title=\"Tr\u00e0mits i documentaci\u00f3\"><div class=\"portfolio-image-img\"><img decoding=\"async\" src=\"https:\/\/portvellbcn.cat\/wp-content\/uploads\/2019\/04\/formacion_01.jpg\" alt=\"Tr\u00e0mits i documentaci\u00f3\" \/><\/div><div class=\"portfolio-overlay overlay-name\"><span>Tr\u00e0mits i documentaci\u00f3<\/span><i class=\"icon-minti-plus\"><\/i><\/div><\/a><\/div>\n\t\t\t\t\t\t\t\t<\/div>\n\n\t\t\t\t\t\t\t\t\t\t\t\t  \n\t\t\t\t\t\t\n\t\t\t\t\t\t\t\n\t\t\t\t\t\t\t\n\t\t\t\t\t\t\n\t\t\t\t\t\t\t\t\t\t\t\t\t\t\t\t\n\t\t\t\t\t\t\t\t   \n\n\t\t\t\t\t\t\t\t<div class=\"term-esdeveniments-i-rodatges portfolio-item nomargin\">\n\t\t\t\t\t\t\t\t\t<div class=\"portfolio-image\"><a href=\"https:\/\/portvellbcn.cat\/ca\/portfolio-item\/activitats-al-port-vell\/\" title=\"Activitats al Port Vell\"><div class=\"portfolio-image-img\"><img decoding=\"async\" src=\"https:\/\/portvellbcn.cat\/wp-content\/uploads\/2021\/01\/ssmm_orient.jpg\" alt=\"Activitats al Port Vell\" \/><\/div><div class=\"portfolio-overlay overlay-name\"><span>Activitats al Port Vell<\/span><i class=\"icon-minti-plus\"><\/i><\/div><\/a><\/div>\n\t\t\t\t\t\t\t\t<\/div>\n\n\t\t\t\t\t\t\t\t\t\t\t\t  \n\t\t\t\t\t\t\n\t\t\t\t\t\t\t\n\t\t\t\t\t\t\t\n\t\t\t\t\t\t\n\t\t\t\t\t\t\t\t\t\t\t\t\t\t\t\t\n\t\t\t\t\t\t\t\t   \n\n\t\t\t\t\t\t\t\t<div class=\"term-esdeveniments-i-rodatges portfolio-item nomargin\">\n\t\t\t\t\t\t\t\t\t<div class=\"portfolio-image\"><a href=\"https:\/\/portvellbcn.cat\/ca\/portfolio-item\/lloguer-despais-2\/\" title=\"Lloguer d&#8217;espais\"><div class=\"portfolio-image-img\"><img decoding=\"async\" src=\"https:\/\/portvellbcn.cat\/wp-content\/uploads\/2023\/07\/Espai_NovaBocaiRosa_030-600x400.jpg\" alt=\"Lloguer d&#8217;espais\" \/><\/div><div class=\"portfolio-overlay overlay-name\"><span>Lloguer d&#8217;espais<\/span><i class=\"icon-minti-plus\"><\/i><\/div><\/a><\/div>\n\t\t\t\t\t\t\t\t<\/div>\n\n\t\t\t\t\t\t\t\t\t\t\t\t  \n\t\t\t\t\t\t\t\t\t\t\t<\/div>\n\n\t\t\n\t\t<\/div>\n\t\t\t\n\t\t\t\t\n\t\t[\/vc_column][\/vc_row]<\/p>\n<\/div>","protected":false},"excerpt":{"rendered":"<p>[vc_row type=&#8221;full_width_section&#8221; top_padding=&#8221;100&#8243; full_width=&#8221;stretch_row&#8221; css=&#8221;.vc_custom_1615275997084{padding-top: 60px !important;padding-bottom: 60px !important;}&#8221;][vc_column width=&#8221;1\/6&#8243;][\/vc_column][vc_column width=&#8221;2\/3&#8243;][vc_column_text] ESDEVENIMENTS I RODATGES [\/vc_column_text][vc_column_text] Rodatges i sessions fotogr\u00e0fiques [\/vc_column_text][vc_zigzag color=&#8221;sandy_brown&#8221; el_width=&#8221;10&#8243;][vc_empty_space height=&#8221;100&#8243;][\/vc_column][vc_column width=&#8221;1\/6&#8243;][\/vc_column][\/vc_row][vc_row type=&#8221;full_width_section&#8221; bg_color=&#8221;#eaeaea&#8221; top_padding=&#8221;0&#8243; full_width=&#8221;stretch_row_content&#8221; columns_placement=&#8221;stretch&#8221; equal_height=&#8221;yes&#8221; css=&#8221;.vc_custom_1595315379961{padding-top: -10px !important;background-color: #f7f7f7 !important;}&#8221;][vc_column column_padding=&#8221;padding-10&#8243; column_center=&#8221;true&#8221; text_align=&#8221;center&#8221; css_animation=&#8221;fadeInLeft&#8221; css=&#8221;.vc_custom_1609833150258{margin-right: 10% !important;margin-left: 10% !important;padding-top: 90px !important;padding-bottom: 90px !important;}&#8221; offset=&#8221;vc_col-lg-6 vc_col-md-6&#8243; width=&#8221;1\/2&#8243;][vc_column_text]El Port Vell ha estat i \u00e9s un plat\u00f3 immillorable a Barcelona. Tant els rodatges publicitaris com els llargmetratges troben espais \u00fanics I f\u00e0cils per a treballar. Pel\u00b7l\u00edcules de gran renom com \u201cVicky Cristina Barcelona\u201d, \u201cBarcelona Ciutat Neutral\u201d, \u201cEl Perfum\u201d, las \u201cCheetah Girls\u201d, \u201cThe Gunman\u201d etc\u2026 o sessions publicit\u00e0ries de roba, autom\u00f2bils etc.. son exemples de la gran projecci\u00f3 que aporta el Port Vell.[\/vc_column_text][\/vc_column][vc_column bg_image=&#8221;17283&#8243; column_center=&#8221;true&#8221; css_animation=&#8221;fadeInRight&#8221; css=&#8221;.vc_custom_1614941153493{padding-top: 200px !important;padding-bottom: 200px !important;background-image: url(https:\/\/portvellbcn.cat\/wp-content\/uploads\/2020\/11\/Barceloneta.png?id=7012) !important;background-position: center !important;background-repeat: no-repeat !important;background-size: cover !important;}&#8221; offset=&#8221;vc_col-lg-6 vc_col-md-6&#8243; width=&#8221;1\/2&#8243;][\/vc_column][\/vc_row][vc_row type=&#8221;full_width_section&#8221; top_padding=&#8221;0&#8243; full_height=&#8221;true&#8221;][vc_column width=&#8221;1\/1&#8243;][\/vc_column][\/vc_row]<\/p>\n","protected":false},"author":1,"featured_media":0,"parent":0,"menu_order":0,"comment_status":"closed","ping_status":"closed","template":"","meta":{"_acf_changed":false,"footnotes":""},"class_list":["post-17324","page","type-page","status-publish","hentry"],"acf":[],"_links":{"self":[{"href":"https:\/\/portvellbcn.cat\/ca\/wp-json\/wp\/v2\/pages\/17324","targetHints":{"allow":["GET"]}}],"collection":[{"href":"https:\/\/portvellbcn.cat\/ca\/wp-json\/wp\/v2\/pages"}],"about":[{"href":"https:\/\/portvellbcn.cat\/ca\/wp-json\/wp\/v2\/types\/page"}],"author":[{"embeddable":true,"href":"https:\/\/portvellbcn.cat\/ca\/wp-json\/wp\/v2\/users\/1"}],"replies":[{"embeddable":true,"href":"https:\/\/portvellbcn.cat\/ca\/wp-json\/wp\/v2\/comments?post=17324"}],"version-history":[{"count":0,"href":"https:\/\/portvellbcn.cat\/ca\/wp-json\/wp\/v2\/pages\/17324\/revisions"}],"wp:attachment":[{"href":"https:\/\/portvellbcn.cat\/ca\/wp-json\/wp\/v2\/media?parent=17324"}],"curies":[{"name":"wp","href":"https:\/\/api.w.org\/{rel}","templated":true}]}}